{"id":30753,"date":"2022-10-25T12:29:38","date_gmt":"2022-10-25T12:29:38","guid":{"rendered":"https:\/\/www.segond-automobiles.com\/devinci\/"},"modified":"2023-08-31T14:34:35","modified_gmt":"2023-08-31T14:34:35","slug":"devinci","status":"publish","type":"page","link":"https:\/\/www.segond-automobiles.com\/en\/devinci\/","title":{"rendered":"Devinci"},"content":{"rendered":"<div id=\"pl-30753\"  class=\"panel-layout\" ><div id=\"pg-30753-0\"  class=\"panel-grid panel-has-style\" ><div class=\"siteorigin-panels-stretch panel-row-style panel-row-style-for-30753-0\" data-stretch-type=\"full\" ><div id=\"pgc-30753-0-0\"  class=\"panel-grid-cell\" ><div id=\"panel-30753-0-0-0\" class=\"so-panel widget widget_nc-side-img panel-first-child panel-last-child\" data-index=\"0\" ><div class=\"img-side-width-55 panel-widget-style panel-widget-style-for-30753-0-0-0\" ><div\n\t\t\t\n\t\t\tclass=\"so-widget-nc-side-img so-widget-nc-side-img-base\"\n\t\t\t\n\t\t><div class=\"nc-widget-nc-side-img nc-widget-nc-side-img-tpl-default nc-widget-nc-side-img-\" data-sow-id=\"85c3844d-6ccd-4b22-89a7-081810bef891\">\r\n\t<img decoding=\"async\" class=\"nc-widget-nc-side-img-img\" src=\"https:\/\/www.segond-automobiles.com\/wp-content\/uploads\/2022\/10\/devinci-galerie-04-1.jpg\" alt=\"\" \/>\r\n<\/div>\r\n<script>\r\n\tjQuery(document).ready(function($) {\r\n\t\tvar $nc_side_img = $('[data-sow-id=\"85c3844d-6ccd-4b22-89a7-081810bef891\"]');\r\n\t\tvar $panel = $nc_side_img.closest('[class*=\"siteorigin-panels\"]');\r\n\t\t$panel.addClass('row-full-img-left');\r\n\t});\r\n<\/script><\/div><\/div><\/div><\/div><div id=\"pgc-30753-0-1\"  class=\"panel-grid-cell\" ><div id=\"panel-30753-0-1-0\" class=\"so-panel widget widget_sow-editor panel-first-child panel-last-child\" data-index=\"1\" ><div class=\"bloc-encart-texte-margin in-viewport-bounceInRight panel-widget-style panel-widget-style-for-30753-0-1-0\" ><div\n\t\t\t\n\t\t\tclass=\"so-widget-sow-editor so-widget-sow-editor-base\"\n\t\t\t\n\t\t>\n<div class=\"siteorigin-widget-tinymce textwidget\">\n\t<h2>DEVINCI AUTOMOBILES: BETWEEN NOSTALGIA AND MODERNITY<\/h2>\n<p>The French manufacturer Devinci Cars was founded by Jean-Philippe Dayraut in 2017. He specializes in the design of luxury electric vehicles, with a vintage, retro or artisanal look. Some models are capable of driving a distance of 230 km, before requiring a new charging cycle. They carry a Li-ion battery and a 15 kW motor for a 0 to 50 km\/h in less than 5 seconds.<\/p>\n<\/div>\n<\/div><\/div><\/div><\/div><\/div><\/div><div id=\"pg-30753-1\"  class=\"panel-grid panel-has-style row-pave-hg-nc-wrap w40-nc-wrap h100-nc-wrap\" ><div class=\"row-pave-hg w40 h100 siteorigin-panels-stretch panel-row-style panel-row-style-for-30753-1\" data-stretch-type=\"full\" ><div id=\"pgc-30753-1-0\"  class=\"panel-grid-cell\" ><div id=\"panel-30753-1-0-0\" class=\"so-panel widget widget_widget-nc-boxes-list panel-first-child panel-last-child\" data-index=\"2\" ><div\n\t\t\t\n\t\t\tclass=\"so-widget-widget-nc-boxes-list so-widget-widget-nc-boxes-list-base\"\n\t\t\t\n\t\t>\r\n<div class=\"nc-widget-nc-boxes-list nc-widget-nc-boxes-list-tpl-theme-liste-modeles\">\r\n\t\t\t<div class=\"nc-widget-nc-boxes-list-main-title\">La gamme Devinci<\/div>\r\n\t\r\n\r\n\t<div class=\"bloc-slider-wrapper\">\r\n\t\t<div class=\"bloc-slider swiper-container\" data-navigation=\"0\" data-pagination=\"1\" data-json='{\"loop\":false,\"slidesPerView\":3,\"spaceBetween\":30,\"slidesPerGroup\":1,\"breakpoints\":{\"580\":{\"slidesPerView\":1,\"slidesPerGroup\":1},\"1024\":{\"slidesPerView\":2,\"slidesPerGroup\":2}}}'>\r\n\t\t\t<div class=\"nc-widget-nc-boxes-list-inner slides-container swiper-wrapper\">\r\n\t\t\t\t\t\t\t\t\t<div class=\"nc-widget-nc-box slide-container swiper-slide \">\r\n\t\t\t\t\t\t<a href=\"https:\/\/www.segond-automobiles.com\/devinci\/gamme-devinci\/\" class=\"nc-widget-nc-box-link\" title=\"\">\t\t\t\t\t\t\t<div class=\"nc-widget-nc-box-image\">\r\n\t\t\t\t\t\t\t\t<img decoding=\"async\" src=\"https:\/\/www.segond-automobiles.com\/wp-content\/uploads\/2022\/10\/devinci_eugenie.jpg\" alt=\"\" \/>\r\n\t\t\t\t\t\t\t<\/div>\r\n\t\t\t\t\t\t\t\t\t\t\t\t<div class=\"nc-widget-nc-box-title\">\r\n\t\t\t\t\t\t\t\t\t\t\t\t\t<\/div>\r\n\t\t\t\t\t\t<div class=\"nc-widget-nc-box-content\">\r\n\t\t\t\t\t\t\t\t\t\t\t\t\t<\/div>\r\n\t\t\t\t\t\t<\/a>\t\t\t\t\t<\/div>\r\n\t\t\t\t\t\t\t\t\t<div class=\"nc-widget-nc-box slide-container swiper-slide \">\r\n\t\t\t\t\t\t<a href=\"https:\/\/www.segond-automobiles.com\/devinci\/gamme-devinci\/\" class=\"nc-widget-nc-box-link\" title=\"\">\t\t\t\t\t\t\t<div class=\"nc-widget-nc-box-image\">\r\n\t\t\t\t\t\t\t\t<img decoding=\"async\" src=\"https:\/\/www.segond-automobiles.com\/wp-content\/uploads\/2022\/10\/devinci_marianne.jpg\" alt=\"\" \/>\r\n\t\t\t\t\t\t\t<\/div>\r\n\t\t\t\t\t\t\t\t\t\t\t\t<div class=\"nc-widget-nc-box-title\">\r\n\t\t\t\t\t\t\t\t\t\t\t\t\t<\/div>\r\n\t\t\t\t\t\t<div class=\"nc-widget-nc-box-content\">\r\n\t\t\t\t\t\t\t\t\t\t\t\t\t<\/div>\r\n\t\t\t\t\t\t<\/a>\t\t\t\t\t<\/div>\r\n\t\t\t\t\t\t\t\t\t<div class=\"nc-widget-nc-box slide-container swiper-slide \">\r\n\t\t\t\t\t\t<a href=\"https:\/\/www.segond-automobiles.com\/devinci\/gamme-devinci\/\" class=\"nc-widget-nc-box-link\" title=\"\">\t\t\t\t\t\t\t<div class=\"nc-widget-nc-box-image\">\r\n\t\t\t\t\t\t\t\t<img decoding=\"async\" src=\"https:\/\/www.segond-automobiles.com\/wp-content\/uploads\/2022\/10\/devinci_adele.jpg\" alt=\"\" \/>\r\n\t\t\t\t\t\t\t<\/div>\r\n\t\t\t\t\t\t\t\t\t\t\t\t<div class=\"nc-widget-nc-box-title\">\r\n\t\t\t\t\t\t\t\t\t\t\t\t\t<\/div>\r\n\t\t\t\t\t\t<div class=\"nc-widget-nc-box-content\">\r\n\t\t\t\t\t\t\t\t\t\t\t\t\t<\/div>\r\n\t\t\t\t\t\t<\/a>\t\t\t\t\t<\/div>\r\n\t\t\t\t\t\t\t\t\t<div class=\"nc-widget-nc-box slide-container swiper-slide \">\r\n\t\t\t\t\t\t<a href=\"https:\/\/www.segond-automobiles.com\/devinci\/gamme-devinci\/\" class=\"nc-widget-nc-box-link\" title=\"\">\t\t\t\t\t\t\t<div class=\"nc-widget-nc-box-image\">\r\n\t\t\t\t\t\t\t\t<img decoding=\"async\" src=\"https:\/\/www.segond-automobiles.com\/wp-content\/uploads\/2022\/10\/devinci_brigitte.jpg\" alt=\"\" \/>\r\n\t\t\t\t\t\t\t<\/div>\r\n\t\t\t\t\t\t\t\t\t\t\t\t<div class=\"nc-widget-nc-box-title\">\r\n\t\t\t\t\t\t\t\t\t\t\t\t\t<\/div>\r\n\t\t\t\t\t\t<div class=\"nc-widget-nc-box-content\">\r\n\t\t\t\t\t\t\t\t\t\t\t\t\t<\/div>\r\n\t\t\t\t\t\t<\/a>\t\t\t\t\t<\/div>\r\n\t\t\t\t\t\t\t<\/div>\r\n\t\t<\/div>\r\n\t<\/div>\r\n<\/div><\/div><\/div><\/div><\/div><\/div><div id=\"pg-30753-2\"  class=\"panel-grid panel-has-style row-pave-hd-nc-wrap w60-nc-wrap h100-nc-wrap\" ><div class=\"row-pave-hd w60 h100 siteorigin-panels-stretch panel-row-style panel-row-style-for-30753-2\" data-stretch-type=\"full\" ><div id=\"pgc-30753-2-0\"  class=\"panel-grid-cell\" ><div id=\"panel-30753-2-0-0\" class=\"so-panel widget widget_sow-image panel-first-child panel-last-child\" data-index=\"3\" ><div\n\t\t\t\n\t\t\tclass=\"so-widget-sow-image so-widget-sow-image-default-8b5b6f678277-30753\"\n\t\t\t\n\t\t>\n<div class=\"sow-image-container\">\n\t\t<img \n\tsrc=\"https:\/\/www.segond-automobiles.com\/wp-content\/uploads\/2022\/10\/devinci-cars-jp-dayraut.jpg\" width=\"1000\" height=\"667\" srcset=\"https:\/\/www.segond-automobiles.com\/wp-content\/uploads\/2022\/10\/devinci-cars-jp-dayraut.jpg 1000w, https:\/\/www.segond-automobiles.com\/wp-content\/uploads\/2022\/10\/devinci-cars-jp-dayraut-300x200.jpg 300w, https:\/\/www.segond-automobiles.com\/wp-content\/uploads\/2022\/10\/devinci-cars-jp-dayraut-768x512.jpg 768w, https:\/\/www.segond-automobiles.com\/wp-content\/uploads\/2022\/10\/devinci-cars-jp-dayraut-109x73.jpg 109w\" sizes=\"(max-width: 1000px) 100vw, 1000px\" alt=\"devinci-cars\" \t\tclass=\"so-widget-image\"\/>\n\t<\/div>\n\n<\/div><\/div><\/div><div id=\"pgc-30753-2-1\"  class=\"panel-grid-cell\" ><div id=\"panel-30753-2-1-0\" class=\"so-panel widget widget_sow-editor panel-first-child panel-last-child\" data-index=\"4\" ><div\n\t\t\t\n\t\t\tclass=\"so-widget-sow-editor so-widget-sow-editor-base\"\n\t\t\t\n\t\t>\n<div class=\"siteorigin-widget-tinymce textwidget\">\n\t<h3>Jean-Philippe Dayraut: a passionate creator of retro-electric vehicles<\/h3>\n<p>Jean-Philippe Dayraut has been immersed in the world of sports cars since his early childhood. He has always had a passion for motorsport, mechanics, technology and art. At 14, he designed his first cars.<\/p>\n<p>Jean-Philippe had a successful career. First, he won the Formula France Junior championship (1999) and obtained a 2nd place in BMX France (Max Commen\u00e7al's Team Sunn). He then won in several other categories, including the French Supertourism Championship (2001), the World Ice Racing Championship (2003), the Peugeot RC Cup competition (2004)...<\/p>\n<p>But he really distinguished himself during the Andros e-Trophy (this is the French rallycross type ice racing championship). He won 6 titles there, during the 2009, 2010, 2011, 2013, 2014 and 2015 editions. On the occasion of the legendary American race at Pikes Peak, he finished in 2nd place.<\/p>\n<p>Jean-Philippe is also the organizer of the Mitjet Supertourisme and Mitjet 2L. These extend to 7 countries, including France, the United States, Spain, Germany, Italy, Denmark and Russia.<\/p>\n<p>He founded the Devinci Cars brand in 2017. The Classic, his first 100% electric vehicle, was remarkably well received when it was presented at the Retromobile Show (in 2018).<\/p>\n<\/div>\n<\/div><\/div><\/div><\/div><\/div><div id=\"pg-30753-3\"  class=\"panel-grid panel-has-style row-pave-hd-nc-wrap w60-nc-wrap h40-nc-wrap\" ><div class=\"row-pave-hd w60 h40 siteorigin-panels-stretch panel-row-style panel-row-style-for-30753-3\" data-stretch-type=\"full\" ><div id=\"pgc-30753-3-0\"  class=\"panel-grid-cell\" ><div id=\"panel-30753-3-0-0\" class=\"so-panel widget widget_encart-text-img-link panel-first-child panel-last-child\" data-index=\"5\" ><div class=\"bloc-margin-top in-viewport-bounceInLeft panel-widget-style panel-widget-style-for-30753-3-0-0\" ><div\n\t\t\t\n\t\t\tclass=\"so-widget-encart-text-img-link so-widget-encart-text-img-link-base\"\n\t\t\t\n\t\t><div class=\"etil-block-container nc-widget-nc-encart-text-img-link-tpl-default\">\r\n\t\t\t<div class=\"etil-img\"><img decoding=\"async\" src=\"https:\/\/www.segond-automobiles.com\/wp-content\/uploads\/2022\/10\/devinci-cars.jpg\" alt=\"\" \/><\/div>\r\n\t\t<div class=\"etil-block-text\">\r\n\t\t\t<h4>DEVINCI, A NEW NEO-RETRO automotive BRAND<\/h4>\n<p>Jean-Philippe Dayraut won an Andros e-Trophy aboard an electric car. This incredible experience made him want to design his own. This is how the Devinci Cars was born in 2016. It offers an incredible feeling of freedom, pleasant handling, a natural and pure ride, optimal comfort and a unique feeling.<\/p>\n<p>Thanks to its 15 kW motor, the Devinci Classic has a range of more than 200 km and runs at a top speed of 100 km\/h. This timeless automobile drives smoothly, without the slightest noise. It has a retro look and does not pose any danger to the environment. A real collector's item.<\/p>\n\t\t<\/div>\r\n\t\t        \r\n<\/div>\r\n<\/div><\/div><\/div><\/div><div id=\"pgc-30753-3-1\"  class=\"panel-grid-cell\" ><div id=\"panel-30753-3-1-0\" class=\"so-panel widget widget_encart-text-img-link panel-first-child panel-last-child\" data-index=\"6\" ><div class=\"in-viewport-bounceInRight panel-widget-style panel-widget-style-for-30753-3-1-0\" ><div\n\t\t\t\n\t\t\tclass=\"so-widget-encart-text-img-link so-widget-encart-text-img-link-base\"\n\t\t\t\n\t\t><div class=\"etil-block-container nc-widget-nc-encart-text-img-link-tpl-default\">\r\n\t\t\t<div class=\"etil-img\"><img decoding=\"async\" src=\"https:\/\/www.segond-automobiles.com\/wp-content\/uploads\/2022\/10\/devinci-cars-2.jpg\" alt=\"\" \/><\/div>\r\n\t\t<div class=\"etil-block-text\">\r\n\t\t\t<p>Devinci Cars is a French car brand. For the design of its vehicles, it works in close collaboration with local craftsmen recognized for their unique know-how. It only uses materials that respect ecological standards, without any thinners, chemicals or mercury. All his models are built entirely by hand and in limited quantities.<\/p>\n<p>Devinci vehicles are designed with attention to detail and receive unique care. They combine performance and absolute comfort, are perfectly balanced and provide a pleasant driving sensation. Between exclusivity and innovation, they allow driving in an ecological and unprecedented way. Elegant design, lightness, reliability, modern technology, safety and ease of repair: these are the watchwords of the brand.<\/p>\n<p>The manufacturer appeals to people who attach importance to environmental protection and lovers of vehicles with a retro look.<\/p>\n\t\t<\/div>\r\n\t\t        \r\n<\/div>\r\n<\/div><\/div><\/div><\/div><\/div><\/div><div id=\"pg-30753-4\"  class=\"panel-grid panel-no-style\" ><div id=\"pgc-30753-4-0\"  class=\"panel-grid-cell\" ><!-- not cached-nc_news_lite-widget --><div id=\"panel-30753-4-0-0\" class=\"so-panel widget widget_netconcept_news_lite net-concept-news-lite panel-first-child panel-last-child bloc-actualites\" data-index=\"7\" ><div class=\"widget-title\">Our latest news<\/div><div class=\"bloc-slider-wrapper\"><div class=\"list_items list-actus  bloc-slider swiper-container\" data-navigation=\"0\"  data-pagination=\"1\"  data-json='{\"loop\":false,\"slidesPerView\":3,\"spaceBetween\":30,\"slidesPerGroup\":3,\"breakpoints\":{\"580\":{\"slidesPerView\":1,\"slidesPerGroup\":1},\"1024\":{\"slidesPerView\":2,\"slidesPerGroup\":2}}}'><ul class=\"slides-container swiper-wrapper\"><li class=\"slide-container swiper-slide\"><div class=\"nc-item current-menu nc-actu\"><div class=\"nc-item-inner\"><a href=\"https:\/\/www.segond-automobiles.com\/en\/news\/porsche-en\/718-cayman-gt4-rs-and-spyder-rs\/\" class=\"nc-item-link\" title=\"Read more about : Porsche 718 Cayman GT4 RS and Spyder RS: the flat-six swan song before silence\"><div class=\"nc-item-content\"><div class=\"nc-item-img\"><img loading=\"lazy\" decoding=\"async\" width=\"402\" height=\"302\" src=\"https:\/\/www.segond-automobiles.com\/wp-content\/uploads\/2026\/03\/porsche-718-gt4rs-slider-desktop-402x302.jpg\" class=\"attachment-vignette_actu_402x302 size-vignette_actu_402x302\" alt=\"\" srcset=\"https:\/\/www.segond-automobiles.com\/wp-content\/uploads\/2026\/03\/porsche-718-gt4rs-slider-desktop-402x302.jpg 402w, https:\/\/www.segond-automobiles.com\/wp-content\/uploads\/2026\/03\/porsche-718-gt4rs-slider-desktop-96x72.jpg 96w, https:\/\/www.segond-automobiles.com\/wp-content\/uploads\/2026\/03\/porsche-718-gt4rs-slider-desktop-564x424.jpg 564w, https:\/\/www.segond-automobiles.com\/wp-content\/uploads\/2026\/03\/porsche-718-gt4rs-slider-desktop-107x79.jpg 107w\" sizes=\"auto, (max-width: 402px) 100vw, 402px\" \/><\/div><div class=\"nc-item-text-wrapper\"> <div class=\"post-meta\"><div class=\"post-tag\">Porsche news<\/div> <\/div> <div class=\"nc-item-title\">Porsche 718 Cayman GT4 RS and Spyder RS: the flat-six swan song before silence<\/div> <div class=\"nc-item-more\"><div class=\"btn-more\">Lire la suite<\/div><\/div><\/div><\/div><\/a><\/div><\/div><\/li><li class=\"slide-container swiper-slide\"><div class=\"nc-item current-menu nc-actu\"><div class=\"nc-item-inner\"><a href=\"https:\/\/www.segond-automobiles.com\/en\/news\/fiat-en\/fiat-topolino-orange-corallo-the-little-italian-car-adds-a-bold-touch-to-stay-number-one\/\" class=\"nc-item-link\" title=\"Read more about : Fiat Topolino Orange Corallo: the little Italian car adds a bold touch to stay number one\"><div class=\"nc-item-content\"><div class=\"nc-item-img\"><img loading=\"lazy\" decoding=\"async\" width=\"402\" height=\"302\" src=\"https:\/\/www.segond-automobiles.com\/wp-content\/uploads\/2026\/03\/Fiat-Topolino-Corallo-slider-402x302.jpg\" class=\"attachment-vignette_actu_402x302 size-vignette_actu_402x302\" alt=\"Fiat-Topolino-Corallo\" srcset=\"https:\/\/www.segond-automobiles.com\/wp-content\/uploads\/2026\/03\/Fiat-Topolino-Corallo-slider-402x302.jpg 402w, https:\/\/www.segond-automobiles.com\/wp-content\/uploads\/2026\/03\/Fiat-Topolino-Corallo-slider-96x72.jpg 96w, https:\/\/www.segond-automobiles.com\/wp-content\/uploads\/2026\/03\/Fiat-Topolino-Corallo-slider-564x424.jpg 564w, https:\/\/www.segond-automobiles.com\/wp-content\/uploads\/2026\/03\/Fiat-Topolino-Corallo-slider-107x79.jpg 107w\" sizes=\"auto, (max-width: 402px) 100vw, 402px\" \/><\/div><div class=\"nc-item-text-wrapper\"> <div class=\"post-meta\"><div class=\"post-tag\">Fiat news<\/div> <\/div> <div class=\"nc-item-title\">Fiat Topolino Orange Corallo: the little Italian car adds a bold touch to stay number one<\/div> <div class=\"nc-item-more\"><div class=\"btn-more\">Lire la suite<\/div><\/div><\/div><\/div><\/a><\/div><\/div><\/li><li class=\"slide-container swiper-slide\"><div class=\"nc-item current-menu nc-actu\"><div class=\"nc-item-inner\"><a href=\"https:\/\/www.segond-automobiles.com\/en\/news\/porsche-en\/cayenne-s-electric\/\" class=\"nc-item-link\" title=\"Read more about : Porsche Cayenne S Electric: a core model balancing power and refinement\"><div class=\"nc-item-content\"><div class=\"nc-item-img\"><img loading=\"lazy\" decoding=\"async\" width=\"402\" height=\"302\" src=\"https:\/\/www.segond-automobiles.com\/wp-content\/uploads\/2026\/03\/porsche-cayenne-s-slider-402x302.jpg\" class=\"attachment-vignette_actu_402x302 size-vignette_actu_402x302\" alt=\"porsche-cayenne-s\" srcset=\"https:\/\/www.segond-automobiles.com\/wp-content\/uploads\/2026\/03\/porsche-cayenne-s-slider-402x302.jpg 402w, https:\/\/www.segond-automobiles.com\/wp-content\/uploads\/2026\/03\/porsche-cayenne-s-slider-96x72.jpg 96w, https:\/\/www.segond-automobiles.com\/wp-content\/uploads\/2026\/03\/porsche-cayenne-s-slider-564x424.jpg 564w, https:\/\/www.segond-automobiles.com\/wp-content\/uploads\/2026\/03\/porsche-cayenne-s-slider-107x79.jpg 107w\" sizes=\"auto, (max-width: 402px) 100vw, 402px\" \/><\/div><div class=\"nc-item-text-wrapper\"> <div class=\"post-meta\"><div class=\"post-tag\">Porsche news<\/div> <\/div> <div class=\"nc-item-title\">Porsche Cayenne S Electric: a core model balancing power and refinement<\/div> <div class=\"nc-item-more\"><div class=\"btn-more\">Lire la suite<\/div><\/div><\/div><\/div><\/a><\/div><\/div><\/li><\/ul><\/div><\/div><div class=\"allnews\"><a class=\"btn btn-gris btn-next\" href=\"https:\/\/www.segond-automobiles.com\/en\/news\/devinci-en\/\" title=\"All the news\">More news<\/a><\/div><\/div><!-- \/not cached-nc_news_lite-widget --><\/div><\/div><\/div>","protected":false},"excerpt":{"rendered":"<p>DEVINCI AUTOMOBILES: BETWEEN NOSTALGIA AND MODERNITY The French manufacturer Devinci Cars was founded by Jean-Philippe Dayraut in 2017. He specializes in the design of luxury electric vehicles, with a [&hellip;]<\/p>\n","protected":false},"author":2,"featured_media":0,"parent":0,"menu_order":423,"comment_status":"closed","ping_status":"closed","template":"template-page\/page-marque.php","meta":{"footnotes":""},"class_list":["post-30753","page","type-page","status-publish","hentry"],"yoast_head":"<!-- This site is optimized with the Yoast SEO plugin v27.5 - https:\/\/yoast.com\/product\/yoast-seo-wordpress\/ -->\n<title>Devinci - Segond Automobiles<\/title>\n<meta name=\"description\" content=\"Segond Automobiles, votre concessionnaire Porsche \u00e0 Menton et Monaco : l\u2019\u00e9curie novatrice vous fait d\u00e9couvrir sa gamme de voitures sportives \u00e0 la pointe de l\u2019innovation.\" \/>\n<meta name=\"robots\" content=\"index, follow, max-snippet:-1, max-image-preview:large, max-video-preview:-1\" \/>\n<link rel=\"canonical\" href=\"https:\/\/www.segond-automobiles.com\/en\/devinci\/\" \/>\n<meta property=\"og:locale\" content=\"en_US\" \/>\n<meta property=\"og:type\" content=\"article\" \/>\n<meta property=\"og:title\" content=\"Devinci - Segond Automobiles\" \/>\n<meta property=\"og:description\" content=\"Segond Automobiles, votre concessionnaire Porsche \u00e0 Menton et Monaco : l\u2019\u00e9curie novatrice vous fait d\u00e9couvrir sa gamme de voitures sportives \u00e0 la pointe de l\u2019innovation.\" \/>\n<meta property=\"og:url\" content=\"https:\/\/www.segond-automobiles.com\/en\/devinci\/\" \/>\n<meta property=\"og:site_name\" content=\"Segond Automobiles\" \/>\n<meta property=\"article:publisher\" content=\"https:\/\/www.facebook.com\/groupesegondautomobiles\" \/>\n<meta property=\"article:modified_time\" content=\"2023-08-31T14:34:35+00:00\" \/>\n<meta property=\"og:image\" content=\"https:\/\/www.segond-automobiles.com\/wp-content\/uploads\/2023\/05\/new-logo-segond-automobiles-blanc-rouge.png\" \/>\n\t<meta property=\"og:image:width\" content=\"321\" \/>\n\t<meta property=\"og:image:height\" content=\"120\" \/>\n\t<meta property=\"og:image:type\" content=\"image\/png\" \/>\n<meta name=\"twitter:card\" content=\"summary_large_image\" \/>\n<meta name=\"twitter:label1\" content=\"Est. reading time\" \/>\n\t<meta name=\"twitter:data1\" content=\"3 minutes\" \/>\n<script type=\"application\/ld+json\" class=\"yoast-schema-graph\">{\"@context\":\"https:\\\/\\\/schema.org\",\"@graph\":[{\"@type\":\"WebPage\",\"@id\":\"https:\\\/\\\/www.segond-automobiles.com\\\/en\\\/devinci\\\/\",\"url\":\"https:\\\/\\\/www.segond-automobiles.com\\\/en\\\/devinci\\\/\",\"name\":\"Devinci - Segond Automobiles\",\"isPartOf\":{\"@id\":\"https:\\\/\\\/www.segond-automobiles.com\\\/en\\\/#website\"},\"datePublished\":\"2022-10-25T12:29:38+00:00\",\"dateModified\":\"2023-08-31T14:34:35+00:00\",\"description\":\"Segond Automobiles, votre concessionnaire Porsche \u00e0 Menton et Monaco : l\u2019\u00e9curie novatrice vous fait d\u00e9couvrir sa gamme de voitures sportives \u00e0 la pointe de l\u2019innovation.\",\"breadcrumb\":{\"@id\":\"https:\\\/\\\/www.segond-automobiles.com\\\/en\\\/devinci\\\/#breadcrumb\"},\"inLanguage\":\"en-US\",\"potentialAction\":[{\"@type\":\"ReadAction\",\"target\":[\"https:\\\/\\\/www.segond-automobiles.com\\\/en\\\/devinci\\\/\"]}]},{\"@type\":\"BreadcrumbList\",\"@id\":\"https:\\\/\\\/www.segond-automobiles.com\\\/en\\\/devinci\\\/#breadcrumb\",\"itemListElement\":[{\"@type\":\"ListItem\",\"position\":1,\"name\":\"Accueil\",\"item\":\"https:\\\/\\\/www.segond-automobiles.com\\\/en\\\/\"},{\"@type\":\"ListItem\",\"position\":2,\"name\":\"Devinci\"}]},{\"@type\":\"WebSite\",\"@id\":\"https:\\\/\\\/www.segond-automobiles.com\\\/en\\\/#website\",\"url\":\"https:\\\/\\\/www.segond-automobiles.com\\\/en\\\/\",\"name\":\"Segond Automobiles\",\"description\":\"\",\"publisher\":{\"@id\":\"https:\\\/\\\/www.segond-automobiles.com\\\/en\\\/#organization\"},\"potentialAction\":[{\"@type\":\"SearchAction\",\"target\":{\"@type\":\"EntryPoint\",\"urlTemplate\":\"https:\\\/\\\/www.segond-automobiles.com\\\/en\\\/?s={search_term_string}\"},\"query-input\":{\"@type\":\"PropertyValueSpecification\",\"valueRequired\":true,\"valueName\":\"search_term_string\"}}],\"inLanguage\":\"en-US\"},{\"@type\":\"Organization\",\"@id\":\"https:\\\/\\\/www.segond-automobiles.com\\\/en\\\/#organization\",\"name\":\"Segond Automobiles\",\"url\":\"https:\\\/\\\/www.segond-automobiles.com\\\/en\\\/\",\"logo\":{\"@type\":\"ImageObject\",\"inLanguage\":\"en-US\",\"@id\":\"https:\\\/\\\/www.segond-automobiles.com\\\/en\\\/#\\\/schema\\\/logo\\\/image\\\/\",\"url\":\"https:\\\/\\\/www.segond-automobiles.com\\\/wp-content\\\/uploads\\\/2020\\\/12\\\/logo_Segond.png\",\"contentUrl\":\"https:\\\/\\\/www.segond-automobiles.com\\\/wp-content\\\/uploads\\\/2020\\\/12\\\/logo_Segond.png\",\"width\":159,\"height\":79,\"caption\":\"Segond Automobiles\"},\"image\":{\"@id\":\"https:\\\/\\\/www.segond-automobiles.com\\\/en\\\/#\\\/schema\\\/logo\\\/image\\\/\"},\"sameAs\":[\"https:\\\/\\\/www.facebook.com\\\/groupesegondautomobiles\",\"https:\\\/\\\/www.instagram.com\\\/groupesegondautomobiles\\\/\",\"https:\\\/\\\/www.linkedin.com\\\/company\\\/groupe-segond-automobiles\\\/\",\"https:\\\/\\\/www.youtube.com\\\/channel\\\/UCmyIrWpILerz0P3Ev_75pOQ\\\/featured\"]}]}<\/script>\n<!-- \/ Yoast SEO plugin. -->","yoast_head_json":{"title":"Devinci - Segond Automobiles","description":"Segond Automobiles, votre concessionnaire Porsche \u00e0 Menton et Monaco : l\u2019\u00e9curie novatrice vous fait d\u00e9couvrir sa gamme de voitures sportives \u00e0 la pointe de l\u2019innovation.","robots":{"index":"index","follow":"follow","max-snippet":"max-snippet:-1","max-image-preview":"max-image-preview:large","max-video-preview":"max-video-preview:-1"},"canonical":"https:\/\/www.segond-automobiles.com\/en\/devinci\/","og_locale":"en_US","og_type":"article","og_title":"Devinci - Segond Automobiles","og_description":"Segond Automobiles, votre concessionnaire Porsche \u00e0 Menton et Monaco : l\u2019\u00e9curie novatrice vous fait d\u00e9couvrir sa gamme de voitures sportives \u00e0 la pointe de l\u2019innovation.","og_url":"https:\/\/www.segond-automobiles.com\/en\/devinci\/","og_site_name":"Segond Automobiles","article_publisher":"https:\/\/www.facebook.com\/groupesegondautomobiles","article_modified_time":"2023-08-31T14:34:35+00:00","og_image":[{"width":321,"height":120,"url":"https:\/\/www.segond-automobiles.com\/wp-content\/uploads\/2023\/05\/new-logo-segond-automobiles-blanc-rouge.png","type":"image\/png"}],"twitter_card":"summary_large_image","twitter_misc":{"Est. reading time":"3 minutes"},"schema":{"@context":"https:\/\/schema.org","@graph":[{"@type":"WebPage","@id":"https:\/\/www.segond-automobiles.com\/en\/devinci\/","url":"https:\/\/www.segond-automobiles.com\/en\/devinci\/","name":"Devinci - Segond Automobiles","isPartOf":{"@id":"https:\/\/www.segond-automobiles.com\/en\/#website"},"datePublished":"2022-10-25T12:29:38+00:00","dateModified":"2023-08-31T14:34:35+00:00","description":"Segond Automobiles, votre concessionnaire Porsche \u00e0 Menton et Monaco : l\u2019\u00e9curie novatrice vous fait d\u00e9couvrir sa gamme de voitures sportives \u00e0 la pointe de l\u2019innovation.","breadcrumb":{"@id":"https:\/\/www.segond-automobiles.com\/en\/devinci\/#breadcrumb"},"inLanguage":"en-US","potentialAction":[{"@type":"ReadAction","target":["https:\/\/www.segond-automobiles.com\/en\/devinci\/"]}]},{"@type":"BreadcrumbList","@id":"https:\/\/www.segond-automobiles.com\/en\/devinci\/#breadcrumb","itemListElement":[{"@type":"ListItem","position":1,"name":"Accueil","item":"https:\/\/www.segond-automobiles.com\/en\/"},{"@type":"ListItem","position":2,"name":"Devinci"}]},{"@type":"WebSite","@id":"https:\/\/www.segond-automobiles.com\/en\/#website","url":"https:\/\/www.segond-automobiles.com\/en\/","name":"Segond Automobiles","description":"","publisher":{"@id":"https:\/\/www.segond-automobiles.com\/en\/#organization"},"potentialAction":[{"@type":"SearchAction","target":{"@type":"EntryPoint","urlTemplate":"https:\/\/www.segond-automobiles.com\/en\/?s={search_term_string}"},"query-input":{"@type":"PropertyValueSpecification","valueRequired":true,"valueName":"search_term_string"}}],"inLanguage":"en-US"},{"@type":"Organization","@id":"https:\/\/www.segond-automobiles.com\/en\/#organization","name":"Segond Automobiles","url":"https:\/\/www.segond-automobiles.com\/en\/","logo":{"@type":"ImageObject","inLanguage":"en-US","@id":"https:\/\/www.segond-automobiles.com\/en\/#\/schema\/logo\/image\/","url":"https:\/\/www.segond-automobiles.com\/wp-content\/uploads\/2020\/12\/logo_Segond.png","contentUrl":"https:\/\/www.segond-automobiles.com\/wp-content\/uploads\/2020\/12\/logo_Segond.png","width":159,"height":79,"caption":"Segond Automobiles"},"image":{"@id":"https:\/\/www.segond-automobiles.com\/en\/#\/schema\/logo\/image\/"},"sameAs":["https:\/\/www.facebook.com\/groupesegondautomobiles","https:\/\/www.instagram.com\/groupesegondautomobiles\/","https:\/\/www.linkedin.com\/company\/groupe-segond-automobiles\/","https:\/\/www.youtube.com\/channel\/UCmyIrWpILerz0P3Ev_75pOQ\/featured"]}]}},"_links":{"self":[{"href":"https:\/\/www.segond-automobiles.com\/en\/wp-json\/wp\/v2\/pages\/30753","targetHints":{"allow":["GET"]}}],"collection":[{"href":"https:\/\/www.segond-automobiles.com\/en\/wp-json\/wp\/v2\/pages"}],"about":[{"href":"https:\/\/www.segond-automobiles.com\/en\/wp-json\/wp\/v2\/types\/page"}],"author":[{"embeddable":true,"href":"https:\/\/www.segond-automobiles.com\/en\/wp-json\/wp\/v2\/users\/2"}],"replies":[{"embeddable":true,"href":"https:\/\/www.segond-automobiles.com\/en\/wp-json\/wp\/v2\/comments?post=30753"}],"version-history":[{"count":7,"href":"https:\/\/www.segond-automobiles.com\/en\/wp-json\/wp\/v2\/pages\/30753\/revisions"}],"predecessor-version":[{"id":34901,"href":"https:\/\/www.segond-automobiles.com\/en\/wp-json\/wp\/v2\/pages\/30753\/revisions\/34901"}],"wp:attachment":[{"href":"https:\/\/www.segond-automobiles.com\/en\/wp-json\/wp\/v2\/media?parent=30753"}],"curies":[{"name":"wp","href":"https:\/\/api.w.org\/{rel}","templated":true}]}}